{"id":24908,"date":"2024-09-11T18:02:52","date_gmt":"2024-09-11T16:02:52","guid":{"rendered":"https:\/\/indologia.uwr.edu.pl\/dla-studenta\/organizacja-roku-akademickiego\/"},"modified":"2024-09-12T00:33:42","modified_gmt":"2024-09-11T22:33:42","slug":"organizacja-roku-akademickiego","status":"publish","type":"page","link":"https:\/\/indologia.uwr.edu.pl\/en\/dla-studenta\/organizacja-roku-akademickiego\/","title":{"rendered":"Organizacja roku akademickiego"},"content":{"rendered":"\n<div class=\"alignfull wp-block-ugb-container ugb-container podstrona_sekcje ugb-12c4a27 ugb-container--v2 ugb-container--design-plain ugb-main-block\"><style>@media screen and (min-width:768px){.ugb-12c4a27.ugb-container{margin-bottom:0px !important;padding-right:0px !important;padding-bottom:50px !important;padding-left:0px !important}}@media screen and (min-width:768px){.ugb-12c4a27 > .ugb-inner-block > .ugb-block-content > *{padding-top:0px !important;padding-bottom:0px !important;padding-right:0px !important;padding-left:0px !important}}<\/style><div class=\"ugb-inner-block\"><div class=\"ugb-block-content\"><div class=\"ugb-container__wrapper ugb-12c4a27-wrapper\"><div class=\"ugb-container__side\"><div class=\"ugb-container__content-wrapper ugb-12c4a27-content-wrapper\">\n<div class=\"wp-block-media-text alignwide is-stacked-on-mobile is-vertically-aligned-top is-image-fill bs-naglowek-szablonu-kolumny\"><figure class=\"wp-block-media-text__media\" style=\"background-image:url(https:\/\/indologia.uwr.edu.pl\/wp-content\/uploads\/sites\/582\/2021\/04\/1-4-of-49-1024x683.jpg);background-position:50% 50%\"><img loading=\"lazy\" decoding=\"async\" width=\"1024\" height=\"683\" src=\"https:\/\/indologia.uwr.edu.pl\/wp-content\/uploads\/sites\/582\/2021\/04\/1-4-of-49-1024x683.jpg\" alt=\"Rok akademicki\" class=\"wp-image-141 size-full\" srcset=\"https:\/\/indologia.uwr.edu.pl\/wp-content\/uploads\/sites\/582\/2021\/04\/1-4-of-49-1024x683.jpg 1024w, https:\/\/indologia.uwr.edu.pl\/wp-content\/uploads\/sites\/582\/2021\/04\/1-4-of-49-300x200.jpg 300w, https:\/\/indologia.uwr.edu.pl\/wp-content\/uploads\/sites\/582\/2021\/04\/1-4-of-49-768x512.jpg 768w, https:\/\/indologia.uwr.edu.pl\/wp-content\/uploads\/sites\/582\/2021\/04\/1-4-of-49-1536x1025.jpg 1536w, https:\/\/indologia.uwr.edu.pl\/wp-content\/uploads\/sites\/582\/2021\/04\/1-4-of-49-2048x1366.jpg 2048w, https:\/\/indologia.uwr.edu.pl\/wp-content\/uploads\/sites\/582\/2021\/04\/1-4-of-49-1320x881.jpg 1320w, https:\/\/indologia.uwr.edu.pl\/wp-content\/uploads\/sites\/582\/2021\/04\/1-4-of-49-24x16.jpg 24w, https:\/\/indologia.uwr.edu.pl\/wp-content\/uploads\/sites\/582\/2021\/04\/1-4-of-49-36x24.jpg 36w, https:\/\/indologia.uwr.edu.pl\/wp-content\/uploads\/sites\/582\/2021\/04\/1-4-of-49-48x32.jpg 48w, https:\/\/indologia.uwr.edu.pl\/wp-content\/uploads\/sites\/582\/2021\/04\/1-4-of-49.jpg 1600w\" sizes=\"auto, (max-width: 1024px) 100vw, 1024px\" \/><\/figure><div class=\"wp-block-media-text__content\">\n<div class=\"wp-block-bonasoft-modular-breadcrumbs-block\"><div class=\"bs_add_breadcrumb_trail\"><\/div><\/div>\n\n\n\n<hr class=\"wp-block-separator has-text-color has-black-color has-css-opacity has-black-background-color has-background is-style-wide bs-border-kontakt\"\/>\n\n\n<h1 style=\"font-style:normal;font-weight:700;\" class=\"bs-naglowek-podstrony wp-block-post-title\">Organizacja roku akademickiego<\/h1>\n\n\n<div style=\"height:50px\" aria-hidden=\"true\" class=\"wp-block-spacer\"><\/div>\n\n\n\n<p><\/p>\n<\/div><\/div>\n\n\n\n<div class=\"wp-block-ugb-container ugb-container ugb-002ab8b ugb-container--v2 ugb-container--design-plain ugb-main-block\"><style>@media screen and (min-width:768px){.ugb-002ab8b.ugb-container{margin-bottom:0% !important;margin-right:6% !important;margin-left:6% !important}}@media screen and (min-width:768px){.ugb-002ab8b > .ugb-inner-block > .ugb-block-content > *{padding-top:0px !important;padding-bottom:0px !important;padding-right:0px !important;padding-left:0px !important}}<\/style><div class=\"ugb-inner-block\"><div class=\"ugb-block-content\"><div class=\"ugb-container__wrapper ugb-002ab8b-wrapper\"><div class=\"ugb-container__side\"><div class=\"ugb-container__content-wrapper ugb-002ab8b-content-wrapper\">\n<div class=\"wp-block-ugb-columns ugb-columns ugb-1e69b3b ugb-columns--design-plain ugb-columns--columns-2 ugb-main-block\"><div class=\"ugb-inner-block\"><div class=\"ugb-block-content\"><div class=\"ugb-columns__item ugb-1e69b3b-content-wrapper\">\n<div class=\"wp-block-ugb-column ugb-column ugb-2684867 ugb-column--design-plain ugb-main-block\"><div class=\"ugb-inner-block\"><div class=\"ugb-block-content\"><div class=\"ugb-column__item ugb-2684867-column-wrapper\"><div class=\"ugb-column__content-wrapper\">\n<h2 class=\"wp-block-heading\"><strong>SEMESTR ZIMOWY | 01.10.2024 &#8211; 21.02.2025<\/strong><\/h2>\n\n\n\n<p>Uroczysta Inauguracja \u2013 01.10.2024<br><br>Okres zaj\u0119\u0107 dydaktycznych \u2013 02.10.2024 \u2013 03.02.2025*<\/p>\n\n\n\n<p>dni rektorskie:<br>\u2013 15.11.2023 (\u015awi\u0119to Uniwersytetu)<br><br>przerwa \u015bwi\u0105teczna \u2013 21.12.2024 \u2013 06.01.2025<br><br>Sesja egzaminacyjna semestru zimowego \u2013 04.02.2025 \u2013 14.02.2025<br>Sesja poprawkowa semestru zimowego \u2013 15.02.2025 \u2013 21.02.2025<br><\/p>\n\n\n\n<p>*20.11.2024 r. w \u015brod\u0119&nbsp;\u2013&nbsp;przeprowadzone b\u0119d\u0105 zaj\u0119cia pi\u0105tkowe<br>*09.01.2025 r. w czwartek \u2013&nbsp;przeprowadzone b\u0119d\u0105 zaj\u0119cia poniedzia\u0142kowe<\/p>\n<\/div><\/div><\/div><\/div><\/div>\n\n\n\n<div class=\"wp-block-ugb-column ugb-column ugb-0699a89 ugb-column--design-plain ugb-main-block\"><div class=\"ugb-inner-block\"><div class=\"ugb-block-content\"><div class=\"ugb-column__item ugb-0699a89-column-wrapper\"><div class=\"ugb-column__content-wrapper\">\n<h2 class=\"wp-block-heading\"><strong>SEMESTR LETNI | 22.02.2025 &#8211; 30.09.2025<\/strong><\/h2>\n\n\n\n<p>Okres zaj\u0119\u0107 dydaktycznych \u2013 22.02.2025 \u2013 16.06.2025*<\/p>\n\n\n\n<p>dni rektorskie<br>\u2013 02.05.2025<br>\u2013 Juwenalia (data zostanie ustalona odr\u0119bnym zarz\u0105dzeniem Rektora UWr)<\/p>\n\n\n\n<p>przerwa \u015bwi\u0105teczna \u2013 18.04.2025 \u2013 22.04.2025<\/p>\n\n\n\n<p>Sesja egzaminacyjna semestru letniego \u2013 17.06.2025 \u2013 01.07.2025<br>Sesja poprawkowa semestru letniego \u2013 01.09.2025 \u2013 09.09.2025<\/p>\n\n\n\n<p>Przerwa semestralna (letnia) \u2013 02.07.2025 \u2013 31.08.2025<br>\u2013 10.09.2025 \u2013 30.09.2025<\/p>\n\n\n\n<p>*09.04.2025 w&nbsp;\u015brod\u0119 przeprowadzone b\u0119d\u0105&nbsp;zaj\u0119cia pi\u0105tkowe<\/p>\n\n\n\n<p>*05.05.2025&nbsp;w poniedzia\u0142ek przeprowadzone b\u0119d\u0105 zaj\u0119cia&nbsp;za Juwenalia<\/p>\n<\/div><\/div><\/div><\/div><\/div>\n<\/div><\/div><\/div><\/div>\n\n\n\n<p><\/p>\n<\/div><\/div><\/div><\/div><\/div><\/div>\n\n\n\n<p><\/p>\n<\/div><\/div><\/div><\/div><\/div><\/div>\n","protected":false},"excerpt":{"rendered":"<p>SEMESTR ZIMOWY | 01.10.2024 &#8211; 21.02.2025 Uroczysta Inauguracja \u2013 01.10.2024 Okres zaj\u0119\u0107 dydaktycznych \u2013 02.10.2024 \u2013 03.02.2025* dni rektorskie:\u2013 15.11.2023 (\u015awi\u0119to Uniwersytetu) przerwa \u015bwi\u0105teczna \u2013 21.12.2024 \u2013 06.01.2025 Sesja egzaminacyjna semestru zimowego \u2013 04.02.2025 \u2013 14.02.2025Sesja poprawkowa semestru zimowego \u2013 15.02.2025 \u2013 21.02.2025 *20.11.2024 r. w \u015brod\u0119&nbsp;\u2013&nbsp;przeprowadzone b\u0119d\u0105 zaj\u0119cia pi\u0105tkowe*09.01.2025 r. w czwartek \u2013&nbsp;przeprowadzone b\u0119d\u0105 [&hellip;]<\/p>\n","protected":false},"author":6723,"featured_media":24080,"parent":24857,"menu_order":1,"comment_status":"closed","ping_status":"closed","template":"","meta":{"_acf_changed":false,"inline_featured_image":false,"site-sidebar-layout":"default","site-content-layout":"","ast-site-content-layout":"default","site-content-style":"default","site-sidebar-style":"default","ast-global-header-display":"","ast-banner-title-visibility":"","ast-main-header-display":"","ast-hfb-above-header-display":"","ast-hfb-below-header-display":"","ast-hfb-mobile-header-display":"","site-post-title":"","ast-breadcrumbs-content":"","ast-featured-img":"","footer-sml-layout":"","ast-disable-related-posts":"","theme-transparent-header-meta":"","adv-header-id-meta":"","stick-header-meta":"","header-above-stick-meta":"","header-main-stick-meta":"","header-below-stick-meta":"","astra-migrate-meta-layouts":"set","ast-page-background-enabled":"default","ast-page-background-meta":{"desktop":{"background-color":"","background-image":"","background-repeat":"repeat","background-position":"center center","background-size":"auto","background-attachment":"scroll","background-type":"","background-media":"","overlay-type":"","overlay-color":"","overlay-opacity":"","overlay-gradient":""},"tablet":{"background-color":"","background-image":"","background-repeat":"repeat","background-position":"center center","background-size":"auto","background-attachment":"scroll","background-type":"","background-media":"","overlay-type":"","overlay-color":"","overlay-opacity":"","overlay-gradient":""},"mobile":{"background-color":"","background-image":"","background-repeat":"repeat","background-position":"center center","background-size":"auto","background-attachment":"scroll","background-type":"","background-media":"","overlay-type":"","overlay-color":"","overlay-opacity":"","overlay-gradient":""}},"ast-content-background-meta":{"desktop":{"background-color":"var(--ast-global-color-5)","background-image":"","background-repeat":"repeat","background-position":"center center","background-size":"auto","background-attachment":"scroll","background-type":"","background-media":"","overlay-type":"","overlay-color":"","overlay-opacity":"","overlay-gradient":""},"tablet":{"background-color":"var(--ast-global-color-5)","background-image":"","background-repeat":"repeat","background-position":"center center","background-size":"auto","background-attachment":"scroll","background-type":"","background-media":"","overlay-type":"","overlay-color":"","overlay-opacity":"","overlay-gradient":""},"mobile":{"background-color":"var(--ast-global-color-5)","background-image":"","background-repeat":"repeat","background-position":"center center","background-size":"auto","background-attachment":"scroll","background-type":"","background-media":"","overlay-type":"","overlay-color":"","overlay-opacity":"","overlay-gradient":""}},"footnotes":""},"categories":[],"tags":[],"class_list":["post-24908","page","type-page","status-publish","has-post-thumbnail","hentry"],"featured_image_urls_v2":{"full":["https:\/\/indologia.uwr.edu.pl\/wp-content\/uploads\/sites\/582\/2024\/09\/pexels-bhavitya-3224533-scaled.jpg",1920,2560,false],"thumbnail":["https:\/\/indologia.uwr.edu.pl\/wp-content\/uploads\/sites\/582\/2024\/09\/pexels-bhavitya-3224533-150x150.jpg",150,150,true],"medium":["https:\/\/indologia.uwr.edu.pl\/wp-content\/uploads\/sites\/582\/2024\/09\/pexels-bhavitya-3224533-225x300.jpg",225,300,true],"medium_large":["https:\/\/indologia.uwr.edu.pl\/wp-content\/uploads\/sites\/582\/2024\/09\/pexels-bhavitya-3224533-768x1024.jpg",768,1024,true],"large":["https:\/\/indologia.uwr.edu.pl\/wp-content\/uploads\/sites\/582\/2024\/09\/pexels-bhavitya-3224533-768x1024.jpg",768,1024,true],"1536x1536":["https:\/\/indologia.uwr.edu.pl\/wp-content\/uploads\/sites\/582\/2024\/09\/pexels-bhavitya-3224533-1152x1536.jpg",1152,1536,true],"2048x2048":["https:\/\/indologia.uwr.edu.pl\/wp-content\/uploads\/sites\/582\/2024\/09\/pexels-bhavitya-3224533-1536x2048.jpg",1536,2048,true],"menu-24x24":["https:\/\/indologia.uwr.edu.pl\/wp-content\/uploads\/sites\/582\/2024\/09\/pexels-bhavitya-3224533-18x24.jpg",18,24,true],"menu-36x36":["https:\/\/indologia.uwr.edu.pl\/wp-content\/uploads\/sites\/582\/2024\/09\/pexels-bhavitya-3224533-27x36.jpg",27,36,true],"menu-48x48":["https:\/\/indologia.uwr.edu.pl\/wp-content\/uploads\/sites\/582\/2024\/09\/pexels-bhavitya-3224533-36x48.jpg",36,48,true]},"post_excerpt_stackable_v2":"<p>Organizacja roku akademickiego SEMESTR ZIMOWY | 01.10.2024 &#8211; 21.02.2025 Uroczysta Inauguracja \u2013 01.10.2024Okres zaj\u0119\u0107 dydaktycznych \u2013 02.10.2024 \u2013 03.02.2025* dni rektorskie:\u2013 15.11.2023 (\u015awi\u0119to Uniwersytetu)przerwa \u015bwi\u0105teczna \u2013 21.12.2024 \u2013 06.01.2025Sesja egzaminacyjna semestru zimowego \u2013 04.02.2025 \u2013 14.02.2025Sesja poprawkowa semestru zimowego \u2013 15.02.2025 \u2013 21.02.2025 *20.11.2024 r. w \u015brod\u0119&nbsp;\u2013&nbsp;przeprowadzone b\u0119d\u0105 zaj\u0119cia pi\u0105tkowe*09.01.2025 r. w czwartek \u2013&nbsp;przeprowadzone b\u0119d\u0105 zaj\u0119cia poniedzia\u0142kowe SEMESTR LETNI | 22.02.2025 &#8211; 30.09.2025 Okres zaj\u0119\u0107 dydaktycznych \u2013 22.02.2025 \u2013 16.06.2025* dni rektorskie\u2013 02.05.2025\u2013 Juwenalia (data zostanie ustalona odr\u0119bnym zarz\u0105dzeniem Rektora UWr) przerwa \u015bwi\u0105teczna \u2013 18.04.2025 \u2013 22.04.2025 Sesja egzaminacyjna semestru letniego \u2013 17.06.2025 \u2013 01.07.2025Sesja poprawkowa semestru letniego \u2013 01.09.2025&hellip;<\/p>\n","category_list_v2":"Uncategorized","author_info_v2":{"name":"mmonkiewicz","url":"https:\/\/indologia.uwr.edu.pl\/en\/author\/mmonkiewicz\/"},"comments_num_v2":"0 comments","acf":[],"yoast_head":"<!-- This site is optimized with the Yoast SEO plugin v27.1.1 - https:\/\/yoast.com\/product\/yoast-seo-wordpress\/ -->\n<title>Organizacja roku akademickiego - Testowa Witryna<\/title>\n<meta name=\"robots\" content=\"index, follow, max-snippet:-1, max-image-preview:large, max-video-preview:-1\" \/>\n<link rel=\"canonical\" href=\"https:\/\/indologia.uwr.edu.pl\/en\/dla-studenta\/organizacja-roku-akademickiego\/\" \/>\n<meta property=\"og:locale\" content=\"en_US\" \/>\n<meta property=\"og:type\" content=\"article\" \/>\n<meta property=\"og:title\" content=\"Organizacja roku akademickiego - Testowa Witryna\" \/>\n<meta property=\"og:description\" content=\"SEMESTR ZIMOWY | 01.10.2024 &#8211; 21.02.2025 Uroczysta Inauguracja \u2013 01.10.2024 Okres zaj\u0119\u0107 dydaktycznych \u2013 02.10.2024 \u2013 03.02.2025* dni rektorskie:\u2013 15.11.2023 (\u015awi\u0119to Uniwersytetu) przerwa \u015bwi\u0105teczna \u2013 21.12.2024 \u2013 06.01.2025 Sesja egzaminacyjna semestru zimowego \u2013 04.02.2025 \u2013 14.02.2025Sesja poprawkowa semestru zimowego \u2013 15.02.2025 \u2013 21.02.2025 *20.11.2024 r. w \u015brod\u0119&nbsp;\u2013&nbsp;przeprowadzone b\u0119d\u0105 zaj\u0119cia pi\u0105tkowe*09.01.2025 r. w czwartek \u2013&nbsp;przeprowadzone b\u0119d\u0105 [&hellip;]\" \/>\n<meta property=\"og:url\" content=\"https:\/\/indologia.uwr.edu.pl\/en\/dla-studenta\/organizacja-roku-akademickiego\/\" \/>\n<meta property=\"og:site_name\" content=\"Testowa Witryna\" \/>\n<meta property=\"article:publisher\" content=\"https:\/\/www.facebook.com\/p\/Zakad-Filologii-Indyjskiej-UWr-100055157387493\/?_rdr\" \/>\n<meta property=\"article:modified_time\" content=\"2024-09-11T22:33:42+00:00\" \/>\n<meta property=\"og:image\" content=\"https:\/\/indologia.uwr.edu.pl\/wp-content\/uploads\/sites\/582\/2024\/09\/pexels-bhavitya-3224533-scaled.jpg\" \/>\n\t<meta property=\"og:image:width\" content=\"1920\" \/>\n\t<meta property=\"og:image:height\" content=\"2560\" \/>\n\t<meta property=\"og:image:type\" content=\"image\/jpeg\" \/>\n<meta name=\"twitter:card\" content=\"summary_large_image\" \/>\n<meta name=\"twitter:label1\" content=\"Est. reading time\" \/>\n\t<meta name=\"twitter:data1\" content=\"2 minutes\" \/>\n<script type=\"application\/ld+json\" class=\"yoast-schema-graph\">{\"@context\":\"https:\/\/schema.org\",\"@graph\":[{\"@type\":\"WebPage\",\"@id\":\"https:\/\/indologia.uwr.edu.pl\/en\/dla-studenta\/organizacja-roku-akademickiego\/\",\"url\":\"https:\/\/indologia.uwr.edu.pl\/en\/dla-studenta\/organizacja-roku-akademickiego\/\",\"name\":\"Organizacja roku akademickiego - Testowa Witryna\",\"isPartOf\":{\"@id\":\"https:\/\/indologia.uwr.edu.pl\/#website\"},\"primaryImageOfPage\":{\"@id\":\"https:\/\/indologia.uwr.edu.pl\/en\/dla-studenta\/organizacja-roku-akademickiego\/#primaryimage\"},\"image\":{\"@id\":\"https:\/\/indologia.uwr.edu.pl\/en\/dla-studenta\/organizacja-roku-akademickiego\/#primaryimage\"},\"thumbnailUrl\":\"https:\/\/indologia.uwr.edu.pl\/wp-content\/uploads\/sites\/582\/2024\/09\/pexels-bhavitya-3224533-scaled.jpg\",\"datePublished\":\"2024-09-11T16:02:52+00:00\",\"dateModified\":\"2024-09-11T22:33:42+00:00\",\"breadcrumb\":{\"@id\":\"https:\/\/indologia.uwr.edu.pl\/en\/dla-studenta\/organizacja-roku-akademickiego\/#breadcrumb\"},\"inLanguage\":\"en-US\",\"potentialAction\":[{\"@type\":\"ReadAction\",\"target\":[\"https:\/\/indologia.uwr.edu.pl\/en\/dla-studenta\/organizacja-roku-akademickiego\/\"]}]},{\"@type\":\"ImageObject\",\"inLanguage\":\"en-US\",\"@id\":\"https:\/\/indologia.uwr.edu.pl\/en\/dla-studenta\/organizacja-roku-akademickiego\/#primaryimage\",\"url\":\"https:\/\/indologia.uwr.edu.pl\/wp-content\/uploads\/sites\/582\/2024\/09\/pexels-bhavitya-3224533-scaled.jpg\",\"contentUrl\":\"https:\/\/indologia.uwr.edu.pl\/wp-content\/uploads\/sites\/582\/2024\/09\/pexels-bhavitya-3224533-scaled.jpg\",\"width\":1920,\"height\":2560,\"caption\":\"Tad\u017a Mahal\"},{\"@type\":\"BreadcrumbList\",\"@id\":\"https:\/\/indologia.uwr.edu.pl\/en\/dla-studenta\/organizacja-roku-akademickiego\/#breadcrumb\",\"itemListElement\":[{\"@type\":\"ListItem\",\"position\":1,\"name\":\"Strona g\u0142\u00f3wna\",\"item\":\"https:\/\/indologia.uwr.edu.pl\/en\/\"},{\"@type\":\"ListItem\",\"position\":2,\"name\":\"Dla studenta\",\"item\":\"https:\/\/indologia.uwr.edu.pl\/en\/dla-studenta\/\"},{\"@type\":\"ListItem\",\"position\":3,\"name\":\"Organizacja roku akademickiego\"}]},{\"@type\":\"WebSite\",\"@id\":\"https:\/\/indologia.uwr.edu.pl\/#website\",\"url\":\"https:\/\/indologia.uwr.edu.pl\/\",\"name\":\"Zak\u0142ad Filologii Indyjskiej\",\"description\":\"Kolejna witryna sieci \u201eUWR Witryny\u201d\",\"publisher\":{\"@id\":\"https:\/\/indologia.uwr.edu.pl\/#organization\"},\"potentialAction\":[{\"@type\":\"SearchAction\",\"target\":{\"@type\":\"EntryPoint\",\"urlTemplate\":\"https:\/\/indologia.uwr.edu.pl\/?s={search_term_string}\"},\"query-input\":{\"@type\":\"PropertyValueSpecification\",\"valueRequired\":true,\"valueName\":\"search_term_string\"}}],\"inLanguage\":\"en-US\"},{\"@type\":\"Organization\",\"@id\":\"https:\/\/indologia.uwr.edu.pl\/#organization\",\"name\":\"Zak\u0142ad Filologii Indyjskiej\",\"url\":\"https:\/\/indologia.uwr.edu.pl\/\",\"logo\":{\"@type\":\"ImageObject\",\"inLanguage\":\"en-US\",\"@id\":\"https:\/\/indologia.uwr.edu.pl\/#\/schema\/logo\/image\/\",\"url\":\"https:\/\/indologia.uwr.edu.pl\/wp-content\/uploads\/sites\/582\/2025\/10\/UWr-logotyp-2025.png\",\"contentUrl\":\"https:\/\/indologia.uwr.edu.pl\/wp-content\/uploads\/sites\/582\/2025\/10\/UWr-logotyp-2025.png\",\"width\":764,\"height\":269,\"caption\":\"Zak\u0142ad Filologii Indyjskiej\"},\"image\":{\"@id\":\"https:\/\/indologia.uwr.edu.pl\/#\/schema\/logo\/image\/\"},\"sameAs\":[\"https:\/\/www.facebook.com\/p\/Zakad-Filologii-Indyjskiej-UWr-100055157387493\/?_rdr\"]}]}<\/script>\n<!-- \/ Yoast SEO plugin. -->","yoast_head_json":{"title":"Organizacja roku akademickiego - Testowa Witryna","robots":{"index":"index","follow":"follow","max-snippet":"max-snippet:-1","max-image-preview":"max-image-preview:large","max-video-preview":"max-video-preview:-1"},"canonical":"https:\/\/indologia.uwr.edu.pl\/en\/dla-studenta\/organizacja-roku-akademickiego\/","og_locale":"en_US","og_type":"article","og_title":"Organizacja roku akademickiego - Testowa Witryna","og_description":"SEMESTR ZIMOWY | 01.10.2024 &#8211; 21.02.2025 Uroczysta Inauguracja \u2013 01.10.2024 Okres zaj\u0119\u0107 dydaktycznych \u2013 02.10.2024 \u2013 03.02.2025* dni rektorskie:\u2013 15.11.2023 (\u015awi\u0119to Uniwersytetu) przerwa \u015bwi\u0105teczna \u2013 21.12.2024 \u2013 06.01.2025 Sesja egzaminacyjna semestru zimowego \u2013 04.02.2025 \u2013 14.02.2025Sesja poprawkowa semestru zimowego \u2013 15.02.2025 \u2013 21.02.2025 *20.11.2024 r. w \u015brod\u0119&nbsp;\u2013&nbsp;przeprowadzone b\u0119d\u0105 zaj\u0119cia pi\u0105tkowe*09.01.2025 r. w czwartek \u2013&nbsp;przeprowadzone b\u0119d\u0105 [&hellip;]","og_url":"https:\/\/indologia.uwr.edu.pl\/en\/dla-studenta\/organizacja-roku-akademickiego\/","og_site_name":"Testowa Witryna","article_publisher":"https:\/\/www.facebook.com\/p\/Zakad-Filologii-Indyjskiej-UWr-100055157387493\/?_rdr","article_modified_time":"2024-09-11T22:33:42+00:00","og_image":[{"width":1920,"height":2560,"url":"https:\/\/indologia.uwr.edu.pl\/wp-content\/uploads\/sites\/582\/2024\/09\/pexels-bhavitya-3224533-scaled.jpg","type":"image\/jpeg"}],"twitter_card":"summary_large_image","twitter_misc":{"Est. reading time":"2 minutes"},"schema":{"@context":"https:\/\/schema.org","@graph":[{"@type":"WebPage","@id":"https:\/\/indologia.uwr.edu.pl\/en\/dla-studenta\/organizacja-roku-akademickiego\/","url":"https:\/\/indologia.uwr.edu.pl\/en\/dla-studenta\/organizacja-roku-akademickiego\/","name":"Organizacja roku akademickiego - Testowa Witryna","isPartOf":{"@id":"https:\/\/indologia.uwr.edu.pl\/#website"},"primaryImageOfPage":{"@id":"https:\/\/indologia.uwr.edu.pl\/en\/dla-studenta\/organizacja-roku-akademickiego\/#primaryimage"},"image":{"@id":"https:\/\/indologia.uwr.edu.pl\/en\/dla-studenta\/organizacja-roku-akademickiego\/#primaryimage"},"thumbnailUrl":"https:\/\/indologia.uwr.edu.pl\/wp-content\/uploads\/sites\/582\/2024\/09\/pexels-bhavitya-3224533-scaled.jpg","datePublished":"2024-09-11T16:02:52+00:00","dateModified":"2024-09-11T22:33:42+00:00","breadcrumb":{"@id":"https:\/\/indologia.uwr.edu.pl\/en\/dla-studenta\/organizacja-roku-akademickiego\/#breadcrumb"},"inLanguage":"en-US","potentialAction":[{"@type":"ReadAction","target":["https:\/\/indologia.uwr.edu.pl\/en\/dla-studenta\/organizacja-roku-akademickiego\/"]}]},{"@type":"ImageObject","inLanguage":"en-US","@id":"https:\/\/indologia.uwr.edu.pl\/en\/dla-studenta\/organizacja-roku-akademickiego\/#primaryimage","url":"https:\/\/indologia.uwr.edu.pl\/wp-content\/uploads\/sites\/582\/2024\/09\/pexels-bhavitya-3224533-scaled.jpg","contentUrl":"https:\/\/indologia.uwr.edu.pl\/wp-content\/uploads\/sites\/582\/2024\/09\/pexels-bhavitya-3224533-scaled.jpg","width":1920,"height":2560,"caption":"Tad\u017a Mahal"},{"@type":"BreadcrumbList","@id":"https:\/\/indologia.uwr.edu.pl\/en\/dla-studenta\/organizacja-roku-akademickiego\/#breadcrumb","itemListElement":[{"@type":"ListItem","position":1,"name":"Strona g\u0142\u00f3wna","item":"https:\/\/indologia.uwr.edu.pl\/en\/"},{"@type":"ListItem","position":2,"name":"Dla studenta","item":"https:\/\/indologia.uwr.edu.pl\/en\/dla-studenta\/"},{"@type":"ListItem","position":3,"name":"Organizacja roku akademickiego"}]},{"@type":"WebSite","@id":"https:\/\/indologia.uwr.edu.pl\/#website","url":"https:\/\/indologia.uwr.edu.pl\/","name":"Zak\u0142ad Filologii Indyjskiej","description":"Kolejna witryna sieci \u201eUWR Witryny\u201d","publisher":{"@id":"https:\/\/indologia.uwr.edu.pl\/#organization"},"potentialAction":[{"@type":"SearchAction","target":{"@type":"EntryPoint","urlTemplate":"https:\/\/indologia.uwr.edu.pl\/?s={search_term_string}"},"query-input":{"@type":"PropertyValueSpecification","valueRequired":true,"valueName":"search_term_string"}}],"inLanguage":"en-US"},{"@type":"Organization","@id":"https:\/\/indologia.uwr.edu.pl\/#organization","name":"Zak\u0142ad Filologii Indyjskiej","url":"https:\/\/indologia.uwr.edu.pl\/","logo":{"@type":"ImageObject","inLanguage":"en-US","@id":"https:\/\/indologia.uwr.edu.pl\/#\/schema\/logo\/image\/","url":"https:\/\/indologia.uwr.edu.pl\/wp-content\/uploads\/sites\/582\/2025\/10\/UWr-logotyp-2025.png","contentUrl":"https:\/\/indologia.uwr.edu.pl\/wp-content\/uploads\/sites\/582\/2025\/10\/UWr-logotyp-2025.png","width":764,"height":269,"caption":"Zak\u0142ad Filologii Indyjskiej"},"image":{"@id":"https:\/\/indologia.uwr.edu.pl\/#\/schema\/logo\/image\/"},"sameAs":["https:\/\/www.facebook.com\/p\/Zakad-Filologii-Indyjskiej-UWr-100055157387493\/?_rdr"]}]}},"publishpress_future_action":{"enabled":false,"date":"2026-05-07 00:05:17","action":"change-status","newStatus":"draft","terms":[],"taxonomy":"category","extraData":[]},"publishpress_future_workflow_manual_trigger":{"enabledWorkflows":[]},"_links":{"self":[{"href":"https:\/\/indologia.uwr.edu.pl\/en\/wp-json\/wp\/v2\/pages\/24908\/"}],"collection":[{"href":"https:\/\/indologia.uwr.edu.pl\/en\/wp-json\/wp\/v2\/pages\/"}],"about":[{"href":"https:\/\/indologia.uwr.edu.pl\/en\/wp-json\/wp\/v2\/types\/page\/"}],"author":[{"embeddable":true,"href":"https:\/\/indologia.uwr.edu.pl\/en\/wp-json\/wp\/v2\/users\/6723\/"}],"replies":[{"embeddable":true,"href":"https:\/\/indologia.uwr.edu.pl\/en\/wp-json\/wp\/v2\/comments\/?post=24908"}],"version-history":[{"count":1,"href":"https:\/\/indologia.uwr.edu.pl\/en\/wp-json\/wp\/v2\/pages\/24908\/revisions\/"}],"predecessor-version":[{"id":24911,"href":"https:\/\/indologia.uwr.edu.pl\/en\/wp-json\/wp\/v2\/pages\/24908\/revisions\/24911\/"}],"up":[{"embeddable":true,"href":"https:\/\/indologia.uwr.edu.pl\/en\/wp-json\/wp\/v2\/pages\/24857\/"}],"wp:featuredmedia":[{"embeddable":true,"href":"https:\/\/indologia.uwr.edu.pl\/en\/wp-json\/wp\/v2\/media\/24080\/"}],"wp:attachment":[{"href":"https:\/\/indologia.uwr.edu.pl\/en\/wp-json\/wp\/v2\/media\/?parent=24908"}],"wp:term":[{"taxonomy":"category","embeddable":true,"href":"https:\/\/indologia.uwr.edu.pl\/en\/wp-json\/wp\/v2\/categories\/?post=24908"},{"taxonomy":"post_tag","embeddable":true,"href":"https:\/\/indologia.uwr.edu.pl\/en\/wp-json\/wp\/v2\/tags\/?post=24908"}],"curies":[{"name":"wp","href":"https:\/\/api.w.org\/{rel}","templated":true}]}}